{"id":1077,"date":"2017-08-25T14:53:07","date_gmt":"2017-08-25T14:53:07","guid":{"rendered":"http:\/\/www.fondazioneprogettoperlavita.it\/?page_id=1077"},"modified":"2022-01-30T15:13:42","modified_gmt":"2022-01-30T15:13:42","slug":"comunicazioni","status":"publish","type":"page","link":"https:\/\/fondazioneprogettoperlavita.it\/?page_id=1077","title":{"rendered":"comunicazioni"},"content":{"rendered":"\n<div class=\"wp-block-image\"><figure class=\"aligncenter size-full\"><div style=\"margin:-60px; padding:0px\"><img loading=\"lazy\" decoding=\"async\" width=\"2560\" height=\"667\" src=\"http:\/\/www.fondazioneprogettoperlavita.it\/wp-content\/uploads\/2021\/04\/banner_comunicatistampa_2-scaled.jpg\" alt=\"\" class=\"wp-image-2450\" srcset=\"https:\/\/fondazioneprogettoperlavita.it\/wp-content\/uploads\/2021\/04\/banner_comunicatistampa_2-scaled.jpg 2560w, https:\/\/fondazioneprogettoperlavita.it\/wp-content\/uploads\/2021\/04\/banner_comunicatistampa_2-300x78.jpg 300w, https:\/\/fondazioneprogettoperlavita.it\/wp-content\/uploads\/2021\/04\/banner_comunicatistampa_2-1024x267.jpg 1024w, https:\/\/fondazioneprogettoperlavita.it\/wp-content\/uploads\/2021\/04\/banner_comunicatistampa_2-768x200.jpg 768w, https:\/\/fondazioneprogettoperlavita.it\/wp-content\/uploads\/2021\/04\/banner_comunicatistampa_2-1536x400.jpg 1536w, https:\/\/fondazioneprogettoperlavita.it\/wp-content\/uploads\/2021\/04\/banner_comunicatistampa_2-2048x534.jpg 2048w, https:\/\/fondazioneprogettoperlavita.it\/wp-content\/uploads\/2021\/04\/banner_comunicatistampa_2-900x234.jpg 900w, https:\/\/fondazioneprogettoperlavita.it\/wp-content\/uploads\/2021\/04\/banner_comunicatistampa_2-600x156.jpg 600w\" sizes=\"(max-width: 2560px) 100vw, 2560px\" \/><\/div><\/figure><\/div>\n\n\n<h3>&nbsp;<\/h3>\n<h3>&nbsp;<\/h3>\n<h3>2021<\/h3>\n\n\n<div class=\"wp-block-columns is-layout-flex wp-container-core-columns-is-layout-1 wp-block-columns-is-layout-flex\">\n<div class=\"wp-block-column is-layout-flow wp-block-column-is-layout-flow\" style=\"flex-basis:33.33%\">\n<h2><strong><span style=\"color: #cd1421;\">PROGETTO<\/span><\/strong><\/h2>\n<h2><strong><span style=\"color: #0f9cd8;\">VERSO IL<\/span><\/strong><\/h2>\n<h2><strong><span style=\"color: #0f9cd8;\">&#8220;<\/span><\/strong><strong><span style=\"color: #0f9cd8;\">DOPO DI NOI&#8221;<\/span><\/strong><\/h2>\n<\/div>\n\n\n\n<div class=\"wp-block-column is-layout-flow wp-block-column-is-layout-flow\" style=\"flex-basis:66.66%\">\n<p>Altri progetti 2021\/20221.<br>La Fondazione Progetto per la Vita, sempre in collaborazione con Servizi Sociali UTDA e Azienda Usl di Modena, sta portando avanti altri progetti sempre nell\u2019area dell\u2019autonomia delle persone con disabilit\u00e0 e del sollievo per le famiglie. <br>Progetti Sollievo a Migliarina: \u00e8&nbsp;stata messa a disposizione della Fondazione dopo di noi di Correggio alla Fondazione Progetto per la Vita di Carpi, una soluzione abitativa a Migliarina&#8230; <a href=\"http:\/\/www.fondazioneprogettoperlavita.it\/wp-content\/uploads\/2021\/08\/Fondazione-PpV_com-stampa-progetti-2021_PROGETTI.pdf\">(continua a leggere)<\/a><\/p>\n<\/div>\n<\/div>\n\n\n\n<div class=\"wp-block-columns is-layout-flex wp-container-core-columns-is-layout-2 wp-block-columns-is-layout-flex\">\n<div class=\"wp-block-column is-layout-flow wp-block-column-is-layout-flow\" style=\"flex-basis:33.33%\">\n<h2><strong><span style=\"color: #cd1421;\">PROGETTO<\/span><\/strong><\/h2>\n<h2><strong><span style=\"color: #0f9cd8;\">VERSO IL<\/span><\/strong><\/h2>\n<h2><strong><span style=\"color: #0f9cd8;\">&#8220;<\/span><\/strong><strong><span style=\"color: #0f9cd8;\">DOPO DI NOI&#8221;<\/span><\/strong><\/h2>\n<\/div>\n\n\n\n<div class=\"wp-block-column is-layout-flow wp-block-column-is-layout-flow\" style=\"flex-basis:66.66%\">\n<p>Percorsi di autonomia e sollievo per le persone con disabilit\u00e0.<br>Due progetti essenziali per ripartire dopo le restrizioni causate dalla pandemia che vedono coinvolte, sul territorio dell\u2019Unione delle Terre d\u2019Argine, le persone con disabilit\u00e0 e le loro famiglie, con l\u2019obiettivo di sostenere il cammino verso una maggiore autonomia della persona disabile, favorendo l\u2019allargamento delle sue relazioni sociali e, al tempo stesso, offrendo momenti di sollievo e condivisione a chi si prende cura di loro nella quotidianit\u00e0&#8230; <a href=\"http:\/\/www.fondazioneprogettoperlavita.it\/wp-content\/uploads\/2021\/08\/Fondazione-PpV_com-stampa-progetti-2021_SALTINI.pdf\">(continua a leggere)<\/a><\/p>\n<\/div>\n<\/div>\n\n\n<h3>2020<\/h3>\n\n\n<div class=\"wp-block-columns is-layout-flex wp-container-core-columns-is-layout-3 wp-block-columns-is-layout-flex\">\n<div class=\"wp-block-column is-layout-flow wp-block-column-is-layout-flow\" style=\"flex-basis:33.33%\">\n<h2><strong><span style=\"color: #cd1421;\">PROGETTO<\/span><\/strong><\/h2>\n<h2><strong><span style=\"color: #0f9cd8;\">&#8220;AUTONOMIA IN FAMIGLIA E DALLA FAMIGLIA&#8221;<\/span><\/strong><\/h2>\n<\/div>\n\n\n\n<div class=\"wp-block-column is-layout-flow wp-block-column-is-layout-flow\" style=\"flex-basis:66.66%\">\n<p>L\u2019edizione 2019\/2020 del progetto \u201cAutonomia in famiglia e dalla famiglia\u201d condotto dall\u2019associazione di volontariato Il Tesoro Nascosto \u2013 Progetto per la Vita ha visto la partecipazione di 19 giovani adulti con disabilit\u00e0. Tutti residenti nel territorio \u201cTerre d\u2019argine\u201d, eterogenei per et\u00e0 e per competenze, i giovani utenti i giovani utenti sono stati, e sono tuttora, seguiti da una equipe di educatori specializzati in potenziamento delle autonomie e delle relazioni sociali e di volontari, coordinati dalla psicoterapeuta Vera Morselli, responsabile scientifica del progetto&#8230;. <a href=\"http:\/\/www.fondazioneprogettoperlavita.it\/wp-content\/uploads\/2020\/08\/CS-PROGETTO-AUTONOMIA-2019.pdf\">(continua a leggere)<\/a><\/p>\n<\/div>\n<\/div>\n\n\n\n<div class=\"wp-block-columns is-layout-flex wp-container-core-columns-is-layout-4 wp-block-columns-is-layout-flex\">\n<div class=\"wp-block-column is-layout-flow wp-block-column-is-layout-flow\" style=\"flex-basis:33.33%\">\n<h2><strong><span style=\"color: #cd1421;\">RACCOLTA FONDI <\/span><\/strong><\/h2>\n<h2><strong><span style=\"color: #0f9cd8;\">APERTA LA CAMPAGNA #ACASA+SOLLIEVO<\/span><\/strong><\/h2>\n<\/div>\n\n\n\n<div class=\"wp-block-column is-layout-flow wp-block-column-is-layout-flow\" style=\"flex-basis:66.66%\">\n<p>Tra i gravi effetti indiretti dell\u2019emergenza Covid 19 sulla popolazione vanno evidenziati la chiusura dei centri diurni e il conseguente carico assistenziale che grava ora sulle famiglie delle persone con disabilit\u00e0. Una situazione che si configura come un\u2019emergenza nell\u2019emergenza, almeno per alcune situazioni di gravit\u00e0. I Servizi Sociali delle Terre d\u2019Argine in collaborazione con l\u2019Azienda USL di Modena hanno messo a punto un piano&#8230; <a href=\"http:\/\/www.fondazioneprogettoperlavita.it\/wp-content\/uploads\/2020\/03\/CS-Campagna-acasasollievo.pdf\">(continua a leggere)<\/a><\/p>\n<\/div>\n<\/div>\n\n\n<h3>2019<\/h3>\n\n\n<div class=\"wp-block-columns is-layout-flex wp-container-core-columns-is-layout-5 wp-block-columns-is-layout-flex\">\n<div class=\"wp-block-column is-layout-flow wp-block-column-is-layout-flow\" style=\"flex-basis:33.33%\">\n<h2><strong><span style=\"color: #cd1421;\">PROGETTI<\/span><\/strong><\/h2>\n<h2><strong><span style=\"color: #0f9cd8;\">VERSO IL &#8220;DOPO DI NOI&#8221;<\/span><\/strong><\/h2>\n<\/div>\n\n\n\n<div class=\"wp-block-column is-layout-flow wp-block-column-is-layout-flow\" style=\"flex-basis:66.66%\">\n<p>Due progetti che vedono coinvolte, sul territorio dell\u2019Unione delle Terre d\u2019Argine, le persone con disabilit\u00e0 e le loro famiglie, con l\u2019obiettivo di sostenere il cammino verso una maggiore autonomia della persona disabile, favorendo l\u2019allargamento delle sue relazioni sociali e, al tempo stesso, offrendo momenti di sollievo e&#8230; <a href=\"http:\/\/www.fondazioneprogettoperlavita.it\/wp-content\/uploads\/2021\/04\/Fondazione-PpV_com-stampa-progetti-2019-rev.pdf\">(continua a leggere)<\/a><\/p>\n<\/div>\n<\/div>\n\n\n<h3>2018<\/h3>\n\n\n<div class=\"wp-block-columns is-layout-flex wp-container-core-columns-is-layout-6 wp-block-columns-is-layout-flex\">\n<div class=\"wp-block-column is-layout-flow wp-block-column-is-layout-flow\" style=\"flex-basis:33.33%\">\n<h2><strong><span style=\"color: #cd1421;\">EVENTI<\/span><\/strong><\/h2>\n<h2><strong><span style=\"color: #0f9cd8;\">GIORNATA DELLA SOLIDARIET\u00c0<\/span><\/strong><\/h2>\n<\/div>\n\n\n\n<div class=\"wp-block-column is-layout-flow wp-block-column-is-layout-flow\" style=\"flex-basis:66.66%\">\n<p>E\u2019 ormai alle porte la seconda edizione della Giornata della Solidariet\u00e0 si terr\u00e0 domenica 14 ottobre a Campogalliano presso la Palestra polivalente in via Mattei 15, promossa dalla Fondazione Progetto per la Vita in collaborazione con le associazioni dell\u2019area disabilit\u00e0. L\u2019appuntamento \u00e8 molto atteso perch\u00e9 si colloca in apertura del nuovo anno sociale ma consente di condividere le attivit\u00e0 estive e i progetti realizzati attraverso immagini e testimonianze dirette dei protagonisti&#8230;. <a href=\"http:\/\/www.fondazioneprogettoperlavita.it\/wp-content\/uploads\/2018\/10\/CS-GIORNATA-SOLIDARIETA-2018-NEW.pdf\">(continua a leggere)<\/a><\/p>\n<\/div>\n<\/div>\n\n\n\n<div class=\"wp-block-columns is-layout-flex wp-container-core-columns-is-layout-7 wp-block-columns-is-layout-flex\">\n<div class=\"wp-block-column is-layout-flow wp-block-column-is-layout-flow\" style=\"flex-basis:33.33%\">\n<h2><strong><span style=\"color: #cd1421;\">INIZIATIVE<\/span><\/strong><\/h2>\n<h2><strong><span style=\"color: #0f9cd8;\">BORSA DI STUDIO &#8220;FRANCO NERI&#8221;<\/span><\/strong><\/h2>\n<\/div>\n\n\n\n<div class=\"wp-block-column is-layout-flow wp-block-column-is-layout-flow\" style=\"flex-basis:66.66%\">\n<p>Ad un anno dall\u2019improvvisa scomparsa del signor Franco Neri (8 febbraio), amministratore e animatore volontario di diverse realt\u00e0 associative carpigiane attive nel settore della disabilit\u00e0, la Fondazione Progetto per la Vita ha istituito una borsa di studio alla memoria, rivolta alle scuole superiori presenti sul territorio dell\u2019unione Terre d\u2019Argine&#8230; <a href=\"http:\/\/www.fondazioneprogettoperlavita.it\/wp-content\/uploads\/2018\/02\/CS_3_febbraio_2018.pdf\">(continua a leggere)<\/a><\/p>\n<\/div>\n<\/div>\n\n\n<h3>2017<\/h3>\n\n\n<div class=\"wp-block-columns is-layout-flex wp-container-core-columns-is-layout-8 wp-block-columns-is-layout-flex\">\n<div class=\"wp-block-column is-layout-flow wp-block-column-is-layout-flow\" style=\"flex-basis:33.33%\">\n<h2><strong><span style=\"color: #cd1421;\">CONFERENZE<\/span><\/strong><\/h2>\n<h2><strong><span style=\"color: #0f9cd8;\">PERCORSI DI AUTONOMIA E SOLLIEVO<\/span><\/strong><\/h2>\n<\/div>\n\n\n\n<div class=\"wp-block-column is-layout-flow wp-block-column-is-layout-flow\" style=\"flex-basis:66.66%\">\n<p>&#8220;Autonomia in famiglia e dalla famiglia\u201d, \u201cVacanze in autonomia\u201d e \u201cGiornate di sollievo\u201d: sono tre i percorsi di autonomia e sollievo per le persone con disabilit\u00e0 promossi dalla Fondazione Progetto per la vita Onlus e finanziati con un contributo della Fondazione Cassa di Risparmio di Carpi. Per presentare i progetti e le modalit\u00e0 di realizzazione, \u00e8 convocata una conferenza stampa&#8230; <a href=\"http:\/\/www.fondazioneprogettoperlavita.it\/wp-content\/uploads\/2017\/08\/CS-otto-maggio-2017.pdf\">(continua a leggere)<\/a><\/p>\n<\/div>\n<\/div>\n\n\n\n<div class=\"wp-block-columns is-layout-flex wp-container-core-columns-is-layout-9 wp-block-columns-is-layout-flex\">\n<div class=\"wp-block-column is-layout-flow wp-block-column-is-layout-flow\" style=\"flex-basis:33.33%\">\n<h2><strong><span style=\"color: #cd1421;\">FORMAZIONE<\/span><\/strong><\/h2>\n<h2><strong><span style=\"color: #0f9cd8;\">SEMINARIO SUL &#8220;DOPO DI NOI&#8221;<\/span><\/strong><\/h2>\n<\/div>\n\n\n\n<div class=\"wp-block-column is-layout-flow wp-block-column-is-layout-flow\" style=\"flex-basis:66.66%\">\n<p>&#8220;Disposizioni in materia di assistenza in favore delle persone con disabilit\u00e0 grave prive del sostegno famigliare&#8221; \u00e8 questo il titolo della legge n. 112 del 22 giugno 2016 pi\u00f9 semplicemente definita &#8220;sul dopo di noi&#8221;, che sar\u00e0 al centro del seminario di formazione promosso dalla Fondazione Progetto per la Vita di Carpi con il patrocinio del Comune di Carpi, dell&#8217;Unione Terre d&#8217;Argine e del Collegio notarile di Modena&#8230; <a href=\"http:\/\/www.fondazioneprogettoperlavita.it\/wp-content\/uploads\/2017\/08\/CS-SEMINARIO-DOPO-DI-NOI_CARPI-140117_01-1.pdf\">(continua a leggere)<\/a><\/p>\n<\/div>\n<\/div>\n\n\n\n<div class=\"wp-block-columns is-layout-flex wp-container-core-columns-is-layout-10 wp-block-columns-is-layout-flex\">\n<div class=\"wp-block-column is-layout-flow wp-block-column-is-layout-flow\" style=\"flex-basis:66.66%\">\n<figure class=\"wp-block-image size-large\"><img loading=\"lazy\" decoding=\"async\" width=\"1024\" height=\"578\" src=\"http:\/\/www.fondazioneprogettoperlavita.it\/wp-content\/uploads\/2021\/04\/banner-dichiarazione-5x1000-1-1024x578.jpg\" alt=\"\" class=\"wp-image-3095\" srcset=\"https:\/\/fondazioneprogettoperlavita.it\/wp-content\/uploads\/2021\/04\/banner-dichiarazione-5x1000-1-1024x578.jpg 1024w, https:\/\/fondazioneprogettoperlavita.it\/wp-content\/uploads\/2021\/04\/banner-dichiarazione-5x1000-1-300x169.jpg 300w, https:\/\/fondazioneprogettoperlavita.it\/wp-content\/uploads\/2021\/04\/banner-dichiarazione-5x1000-1-768x434.jpg 768w, https:\/\/fondazioneprogettoperlavita.it\/wp-content\/uploads\/2021\/04\/banner-dichiarazione-5x1000-1-1536x868.jpg 1536w, https:\/\/fondazioneprogettoperlavita.it\/wp-content\/uploads\/2021\/04\/banner-dichiarazione-5x1000-1-2048x1157.jpg 2048w, https:\/\/fondazioneprogettoperlavita.it\/wp-content\/uploads\/2021\/04\/banner-dichiarazione-5x1000-1-900x508.jpg 900w, https:\/\/fondazioneprogettoperlavita.it\/wp-content\/uploads\/2021\/04\/banner-dichiarazione-5x1000-1-600x339.jpg 600w\" sizes=\"(max-width: 1024px) 100vw, 1024px\" \/><\/figure>\n<\/div>\n\n\n\n<div class=\"wp-block-column is-layout-flow wp-block-column-is-layout-flow\" style=\"flex-basis:33.33%\">\n<h6>&nbsp;<\/h6>\n<h2><span style=\"color: #2c74a7;\"><strong>Restiamo in contatto<\/strong><\/span><\/h2>\n\n\n<script>(function() {\n\twindow.mc4wp = window.mc4wp || {\n\t\tlisteners: [],\n\t\tforms: {\n\t\t\ton: function(evt, cb) {\n\t\t\t\twindow.mc4wp.listeners.push(\n\t\t\t\t\t{\n\t\t\t\t\t\tevent   : evt,\n\t\t\t\t\t\tcallback: cb\n\t\t\t\t\t}\n\t\t\t\t);\n\t\t\t}\n\t\t}\n\t}\n})();\n<\/script><!-- Mailchimp for WordPress v4.9.15 - https:\/\/wordpress.org\/plugins\/mailchimp-for-wp\/ --><form id=\"mc4wp-form-1\" class=\"mc4wp-form mc4wp-form-2581 mc4wp-form-theme mc4wp-form-theme-blue\" method=\"post\" data-id=\"2581\" data-name=\"\" ><div class=\"mc4wp-form-fields\"><p>\r\n    <label>\r\n    <input type=\"text\" name=\"FNAME\" placeholder=\"Nome\" required \/>\r\n<\/label>\r\n<\/p>\r\n<p>\r\n    <label>\r\n    <input type=\"text\" name=\"LNAME\" placeholder=\"Cognome\" required \/>\r\n<\/label>\r\n<\/p>\r\n<p>\r\n\t<label> \r\n\t\t<input type=\"email\" name=\"EMAIL\" placeholder=\"Il tuo indirizzo email\" required \/>\r\n<\/label>\r\n<\/p>\r\n<p>\r\n    <label>\r\n        <input name=\"AGREE_TO_TERMS\" type=\"checkbox\" value=\"1\" required=\"\">Ho letto e accetto i termini e le condizioni<\/label>\r\n<\/p>\r\n<p>\r\n\t<input type=\"submit\" value=\"Iscriviti alla Newsletter!\" \/>\r\n<\/p><\/div><label style=\"display: none !important;\">Lascia questo campo vuoto se sei umano: <input type=\"text\" name=\"_mc4wp_honeypot\" value=\"\" tabindex=\"-1\" autocomplete=\"off\" \/><\/label><input type=\"hidden\" name=\"_mc4wp_timestamp\" value=\"1777384106\" \/><input type=\"hidden\" name=\"_mc4wp_form_id\" value=\"2581\" \/><input type=\"hidden\" name=\"_mc4wp_form_element_id\" value=\"mc4wp-form-1\" \/><div class=\"mc4wp-response\"><\/div><\/form><!-- \/ Mailchimp for WordPress Plugin -->\n\n\n\n<p> <a href=\"https:\/\/fondazioneprogettoperlavita.it\/?page_id=3388\">Termini e condizioni<\/a> <\/p>\n<\/div>\n<\/div>\n\n\n\n<p><\/p>\n","protected":false},"excerpt":{"rendered":"<p>&nbsp; &nbsp; 2021 PROGETTO VERSO IL &#8220;DOPO DI NOI&#8221; Altri progetti 2021\/20221.La Fondazione Progetto per la Vita, sempre in collaborazione con Servizi Sociali UTDA e Azienda Usl di Modena, sta portando avanti altri progetti sempre nell\u2019area dell\u2019autonomia delle persone con disabilit\u00e0 e del sollievo per le famiglie. Progetti Sollievo a Migliarina: \u00e8&nbsp;stata messa a disposizione [&hellip;]<\/p>\n","protected":false},"author":2,"featured_media":0,"parent":0,"menu_order":0,"comment_status":"closed","ping_status":"closed","template":"","meta":{"ngg_post_thumbnail":0,"footnotes":""},"class_list":["post-1077","page","type-page","status-publish","hentry"],"_links":{"self":[{"href":"https:\/\/fondazioneprogettoperlavita.it\/index.php?rest_route=\/wp\/v2\/pages\/1077"}],"collection":[{"href":"https:\/\/fondazioneprogettoperlavita.it\/index.php?rest_route=\/wp\/v2\/pages"}],"about":[{"href":"https:\/\/fondazioneprogettoperlavita.it\/index.php?rest_route=\/wp\/v2\/types\/page"}],"author":[{"embeddable":true,"href":"https:\/\/fondazioneprogettoperlavita.it\/index.php?rest_route=\/wp\/v2\/users\/2"}],"replies":[{"embeddable":true,"href":"https:\/\/fondazioneprogettoperlavita.it\/index.php?rest_route=%2Fwp%2Fv2%2Fcomments&post=1077"}],"version-history":[{"count":10,"href":"https:\/\/fondazioneprogettoperlavita.it\/index.php?rest_route=\/wp\/v2\/pages\/1077\/revisions"}],"predecessor-version":[{"id":3401,"href":"https:\/\/fondazioneprogettoperlavita.it\/index.php?rest_route=\/wp\/v2\/pages\/1077\/revisions\/3401"}],"wp:attachment":[{"href":"https:\/\/fondazioneprogettoperlavita.it\/index.php?rest_route=%2Fwp%2Fv2%2Fmedia&parent=1077"}],"curies":[{"name":"wp","href":"https:\/\/api.w.org\/{rel}","templated":true}]}}