{"id":1021,"date":"2017-08-25T13:48:13","date_gmt":"2017-08-25T13:48:13","guid":{"rendered":"http:\/\/www.fondazioneprogettoperlavita.it\/?page_id=1021"},"modified":"2022-01-30T15:09:33","modified_gmt":"2022-01-30T15:09:33","slug":"chi-siamo","status":"publish","type":"page","link":"https:\/\/fondazioneprogettoperlavita.it\/?page_id=1021","title":{"rendered":"chi siamo"},"content":{"rendered":"\n<div class=\"wp-block-image\"><figure class=\"aligncenter size-full\"><div style=\"margin-top:-10px; margin-right:-20px; margin-left:-20px; padding:0px\"><img decoding=\"async\" src=\"http:\/\/www.fondazioneprogettoperlavita.it\/wp-content\/uploads\/2021\/03\/banner_chisiamo_3-scaled.jpg\" alt=\"\" class=\"wp-image-2469\"><\/div><\/figure><\/div>\n\n\n\n<div class=\"wp-block-columns is-layout-flex wp-container-core-columns-is-layout-2 wp-block-columns-is-layout-flex\">\n<div class=\"wp-block-column is-layout-flow wp-block-column-is-layout-flow\" style=\"flex-basis:50%\">\n<div class=\"wp-block-columns is-layout-flex wp-container-core-columns-is-layout-1 wp-block-columns-is-layout-flex\">\n<div class=\"wp-block-column is-layout-flow wp-block-column-is-layout-flow\" style=\"flex-basis:100%\">\n<h6>&nbsp;<\/h6>\n<h3><span style=\"color: #0f9cd8;\">La Fondazione Progetto per la Vita \u00e8 un&#8217;istituzione di diritto privato senza fini di lucro.<\/span><\/h3>\n<p>Lo scopo della Fondazione \u00e8 quello di <strong>prendersi cura<\/strong> delle persone portatrici di disabilit\u00e0 fisiche e\/o psichiche che vedono limitate o ristrette le proprie capacit\u00e0 funzionali e di partecipazione sociale, <strong>attivando tutte le risorse e le dinamiche funzionali della comunit\u00e0<\/strong> (a titolo esemplificativo: le stesse persone in difficolt\u00e0, la rete amicale, parentale, la rete dei servizi territoriali ecc. ecc.).<\/p>\n<p>La Fondazione, in particolare, si propone di <strong>promuovere, orientare, sostenere e sviluppare progetti e servizi a favore di disabili fisici, relazionali e intellettivi<\/strong> anche con rilevanti bisogni assistenziali o in condizioni di non autosufficienza, privi del nucleo famigliare o per i quali la permanenza nel nucleo famigliare sia temporaneamente o permanentemente impossibile o che intendano attivare esperienze di vita indipendente.<\/p>\n<p>La Fondazione si propone inoltre di <strong>accompagnare le famiglie<\/strong> delle persone con disabilit\u00e0 <strong>nel percorso di preparazione del futuro di tali persone favorendone<\/strong>, per quanto possibile,<strong> lo sviluppo di potenzialit\u00e0 e autonomie<\/strong>.<\/p>\n\n\n\n<p><\/p>\n<\/div>\n<\/div>\n<\/div>\n\n\n\n<div class=\"wp-block-column is-layout-flow wp-block-column-is-layout-flow\" style=\"flex-basis:50%\">\n<figure class=\"wp-block-image size-large\"><img loading=\"lazy\" decoding=\"async\" width=\"1000\" height=\"1000\" src=\"http:\/\/www.fondazioneprogettoperlavita.it\/wp-content\/uploads\/2021\/03\/chisiamo_img_1.jpg\" alt=\"\" class=\"wp-image-2190\" srcset=\"https:\/\/fondazioneprogettoperlavita.it\/wp-content\/uploads\/2021\/03\/chisiamo_img_1.jpg 1000w, https:\/\/fondazioneprogettoperlavita.it\/wp-content\/uploads\/2021\/03\/chisiamo_img_1-300x300.jpg 300w, https:\/\/fondazioneprogettoperlavita.it\/wp-content\/uploads\/2021\/03\/chisiamo_img_1-150x150.jpg 150w, https:\/\/fondazioneprogettoperlavita.it\/wp-content\/uploads\/2021\/03\/chisiamo_img_1-768x768.jpg 768w, https:\/\/fondazioneprogettoperlavita.it\/wp-content\/uploads\/2021\/03\/chisiamo_img_1-900x900.jpg 900w, https:\/\/fondazioneprogettoperlavita.it\/wp-content\/uploads\/2021\/03\/chisiamo_img_1-600x600.jpg 600w, https:\/\/fondazioneprogettoperlavita.it\/wp-content\/uploads\/2021\/03\/chisiamo_img_1-100x100.jpg 100w\" sizes=\"(max-width: 1000px) 100vw, 1000px\" \/><\/figure>\n<\/div>\n<\/div>\n\n\n\n<div class=\"wp-block-columns is-layout-flex wp-container-core-columns-is-layout-3 wp-block-columns-is-layout-flex\">\n<div class=\"wp-block-column is-layout-flow wp-block-column-is-layout-flow\" style=\"flex-basis:50%\">\n<h3><span style=\"color: #0f9cd8;\">Per il raggiungimento dei suoi scopi, la&nbsp;Fondazione&nbsp;potr\u00e0:<\/span><\/h3>\n<p>a) <strong>realizzare soluzioni abitative e progetti innovativi rivolti ai disabili<\/strong> che valorizzino l\u2019idea di domiciliarit\u00e0 e per quanto possibile la vita indipendente, anche attraverso l\u2019acquisizione di beni mobili e immobili;<\/p>\n<p>b) <strong>promuovere e organizzare seminari, corsi di formazione, manifestazioni, convegni, incontri<\/strong>, procedendo alla pubblicazione dei relativi atti o documenti, e tutte quelle iniziative idonee a favorire un organico contatto tra la&nbsp;Fondazione, i relativi addetti e il pubblico;<\/p>\n<p>c) <strong>fornire tutte le consulenze atte all\u2019attuazione piena dei diritti delle persone disabili<\/strong> e al supporto delle loro famiglie;<\/p>\n<p>d) <strong>garantire la tutela del disabile e del suo benessere<\/strong> anche attraverso un\u2019azione di monitoraggio della qualit\u00e0 della vita nell\u2019ambiente residenziale nel quale vive la persona, specialmente quando rimane priva del nucleo famigliare.<\/p>\n<\/div>\n\n\n\n<div class=\"wp-block-column is-layout-flow wp-block-column-is-layout-flow\" style=\"flex-basis:50%\">\n<div class=\"wp-block-image\"><figure class=\"aligncenter size-large\"><img loading=\"lazy\" decoding=\"async\" width=\"1000\" height=\"1000\" src=\"http:\/\/www.fondazioneprogettoperlavita.it\/wp-content\/uploads\/2021\/03\/chisiamo_img_2.jpg\" alt=\"\" class=\"wp-image-2210\" srcset=\"https:\/\/fondazioneprogettoperlavita.it\/wp-content\/uploads\/2021\/03\/chisiamo_img_2.jpg 1000w, https:\/\/fondazioneprogettoperlavita.it\/wp-content\/uploads\/2021\/03\/chisiamo_img_2-300x300.jpg 300w, https:\/\/fondazioneprogettoperlavita.it\/wp-content\/uploads\/2021\/03\/chisiamo_img_2-150x150.jpg 150w, https:\/\/fondazioneprogettoperlavita.it\/wp-content\/uploads\/2021\/03\/chisiamo_img_2-768x768.jpg 768w, https:\/\/fondazioneprogettoperlavita.it\/wp-content\/uploads\/2021\/03\/chisiamo_img_2-900x900.jpg 900w, https:\/\/fondazioneprogettoperlavita.it\/wp-content\/uploads\/2021\/03\/chisiamo_img_2-600x600.jpg 600w, https:\/\/fondazioneprogettoperlavita.it\/wp-content\/uploads\/2021\/03\/chisiamo_img_2-100x100.jpg 100w\" sizes=\"(max-width: 1000px) 100vw, 1000px\" \/><\/figure><\/div>\n<\/div>\n<\/div>\n\n\n\n<p>La&nbsp;Fondazione&nbsp;ha il divieto di svolgere attivit\u00e0 diverse da quelle previste all\u2019art 10 comma 1 del dgls 460\/97 ad eccezione da quelle a esse direttamente connesse o accessorie per natura ai sensi dell\u2019art.1S0 del d.lgs 460\/1997.<\/p>\n\n\n\n<p>La&nbsp;Fondazione&nbsp;per il perseguimento dei propri scopi pu\u00f2 collaborare con enti pubblici e privati ed aderire ad organismi internazionali, nazionali e locali aventi analoghe finalit\u00e0.<\/p>\n\n\n\n<p><\/p>\n\n\n\n<div class=\"wp-block-columns is-layout-flex wp-container-core-columns-is-layout-4 wp-block-columns-is-layout-flex\">\n<div class=\"wp-block-column is-layout-flow wp-block-column-is-layout-flow\" style=\"flex-basis:66.66%\">\n<figure class=\"wp-block-image size-large\"><img loading=\"lazy\" decoding=\"async\" width=\"1024\" height=\"578\" src=\"http:\/\/www.fondazioneprogettoperlavita.it\/wp-content\/uploads\/2021\/04\/banner-dichiarazione-5x1000-1-1024x578.jpg\" alt=\"\" class=\"wp-image-3095\" srcset=\"https:\/\/fondazioneprogettoperlavita.it\/wp-content\/uploads\/2021\/04\/banner-dichiarazione-5x1000-1-1024x578.jpg 1024w, https:\/\/fondazioneprogettoperlavita.it\/wp-content\/uploads\/2021\/04\/banner-dichiarazione-5x1000-1-300x169.jpg 300w, https:\/\/fondazioneprogettoperlavita.it\/wp-content\/uploads\/2021\/04\/banner-dichiarazione-5x1000-1-768x434.jpg 768w, https:\/\/fondazioneprogettoperlavita.it\/wp-content\/uploads\/2021\/04\/banner-dichiarazione-5x1000-1-1536x868.jpg 1536w, https:\/\/fondazioneprogettoperlavita.it\/wp-content\/uploads\/2021\/04\/banner-dichiarazione-5x1000-1-2048x1157.jpg 2048w, https:\/\/fondazioneprogettoperlavita.it\/wp-content\/uploads\/2021\/04\/banner-dichiarazione-5x1000-1-900x508.jpg 900w, https:\/\/fondazioneprogettoperlavita.it\/wp-content\/uploads\/2021\/04\/banner-dichiarazione-5x1000-1-600x339.jpg 600w\" sizes=\"(max-width: 1024px) 100vw, 1024px\" \/><\/figure>\n<\/div>\n\n\n\n<div class=\"wp-block-column is-layout-flow wp-block-column-is-layout-flow\" style=\"flex-basis:33.33%\">\n<h6>&nbsp;<\/h6>\n<h2><span style=\"color: #2c74a7;\"><strong>Restiamo in contatto<\/strong><\/span><\/h2>\n\n\n<script>(function() {\n\twindow.mc4wp = window.mc4wp || {\n\t\tlisteners: [],\n\t\tforms: {\n\t\t\ton: function(evt, cb) {\n\t\t\t\twindow.mc4wp.listeners.push(\n\t\t\t\t\t{\n\t\t\t\t\t\tevent   : evt,\n\t\t\t\t\t\tcallback: cb\n\t\t\t\t\t}\n\t\t\t\t);\n\t\t\t}\n\t\t}\n\t}\n})();\n<\/script><!-- Mailchimp for WordPress v4.9.15 - https:\/\/wordpress.org\/plugins\/mailchimp-for-wp\/ --><form id=\"mc4wp-form-1\" class=\"mc4wp-form mc4wp-form-2581 mc4wp-form-theme mc4wp-form-theme-blue\" method=\"post\" data-id=\"2581\" data-name=\"\" ><div class=\"mc4wp-form-fields\"><p>\r\n    <label>\r\n    <input type=\"text\" name=\"FNAME\" placeholder=\"Nome\" required \/>\r\n<\/label>\r\n<\/p>\r\n<p>\r\n    <label>\r\n    <input type=\"text\" name=\"LNAME\" placeholder=\"Cognome\" required \/>\r\n<\/label>\r\n<\/p>\r\n<p>\r\n\t<label> \r\n\t\t<input type=\"email\" name=\"EMAIL\" placeholder=\"Il tuo indirizzo email\" required \/>\r\n<\/label>\r\n<\/p>\r\n<p>\r\n    <label>\r\n        <input name=\"AGREE_TO_TERMS\" type=\"checkbox\" value=\"1\" required=\"\">Ho letto e accetto i termini e le condizioni<\/label>\r\n<\/p>\r\n<p>\r\n\t<input type=\"submit\" value=\"Iscriviti alla Newsletter!\" \/>\r\n<\/p><\/div><label style=\"display: none !important;\">Lascia questo campo vuoto se sei umano: <input type=\"text\" name=\"_mc4wp_honeypot\" value=\"\" tabindex=\"-1\" autocomplete=\"off\" \/><\/label><input type=\"hidden\" name=\"_mc4wp_timestamp\" value=\"1777383840\" \/><input type=\"hidden\" name=\"_mc4wp_form_id\" value=\"2581\" \/><input type=\"hidden\" name=\"_mc4wp_form_element_id\" value=\"mc4wp-form-1\" \/><div class=\"mc4wp-response\"><\/div><\/form><!-- \/ Mailchimp for WordPress Plugin -->\n\n\n\n<p> <a href=\"https:\/\/fondazioneprogettoperlavita.it\/?page_id=3388\">Termini e condizioni<\/a> <\/p>\n<\/div>\n<\/div>\n","protected":false},"excerpt":{"rendered":"<p>&nbsp; La Fondazione Progetto per la Vita \u00e8 un&#8217;istituzione di diritto privato senza fini di lucro. Lo scopo della Fondazione \u00e8 quello di prendersi cura delle persone portatrici di disabilit\u00e0 fisiche e\/o psichiche che vedono limitate o ristrette le proprie capacit\u00e0 funzionali e di partecipazione sociale, attivando tutte le risorse e le dinamiche funzionali della [&hellip;]<\/p>\n","protected":false},"author":2,"featured_media":0,"parent":0,"menu_order":0,"comment_status":"closed","ping_status":"closed","template":"","meta":{"ngg_post_thumbnail":0,"footnotes":""},"class_list":["post-1021","page","type-page","status-publish","hentry"],"_links":{"self":[{"href":"https:\/\/fondazioneprogettoperlavita.it\/index.php?rest_route=\/wp\/v2\/pages\/1021"}],"collection":[{"href":"https:\/\/fondazioneprogettoperlavita.it\/index.php?rest_route=\/wp\/v2\/pages"}],"about":[{"href":"https:\/\/fondazioneprogettoperlavita.it\/index.php?rest_route=\/wp\/v2\/types\/page"}],"author":[{"embeddable":true,"href":"https:\/\/fondazioneprogettoperlavita.it\/index.php?rest_route=\/wp\/v2\/users\/2"}],"replies":[{"embeddable":true,"href":"https:\/\/fondazioneprogettoperlavita.it\/index.php?rest_route=%2Fwp%2Fv2%2Fcomments&post=1021"}],"version-history":[{"count":66,"href":"https:\/\/fondazioneprogettoperlavita.it\/index.php?rest_route=\/wp\/v2\/pages\/1021\/revisions"}],"predecessor-version":[{"id":3392,"href":"https:\/\/fondazioneprogettoperlavita.it\/index.php?rest_route=\/wp\/v2\/pages\/1021\/revisions\/3392"}],"wp:attachment":[{"href":"https:\/\/fondazioneprogettoperlavita.it\/index.php?rest_route=%2Fwp%2Fv2%2Fmedia&parent=1021"}],"curies":[{"name":"wp","href":"https:\/\/api.w.org\/{rel}","templated":true}]}}